{"id":14,"date":"2021-04-24T17:30:15","date_gmt":"2021-04-24T15:30:15","guid":{"rendered":"https:\/\/www.dentie.sk\/?page_id=14"},"modified":"2026-05-01T20:04:30","modified_gmt":"2026-05-01T18:04:30","slug":"nas-tym","status":"publish","type":"page","link":"https:\/\/www.dentie.sk\/","title":{"rendered":"Aktuality"},"content":{"rendered":"\n<p class=\"has-text-color\" style=\"color:#f3e92b;font-size:19px\"><\/p>\n\n\n\n<p class=\"has-pale-cyan-blue-color has-text-color has-medium-font-size\">Aktu\u00e1lne sa ned\u00e1 plati\u0165 kartou &#8211; popros\u00edme hotovos\u0165<\/p>\n\n\n\n<p> <\/p>\n\n\n\n<p class=\"has-vivid-green-cyan-color has-text-color has-large-font-size\">Dent\u00e1lna hygiena <\/p>\n\n\n\n<p class=\"has-medium-font-size\"><span class=\"has-inline-color has-pale-cyan-blue-color\">Pri pravidelnosti aspo\u0148 2x ro\u010dne doprajete va\u0161im zubom a \u010fasn\u00e1m dlhodob\u00e9 zdravie <\/span> <\/p>\n\n\n\n<figure class=\"wp-block-image is-resized\"><img loading=\"lazy\" src=\"https:\/\/www.dentie.sk\/wp-content\/uploads\/2025\/02\/tooth1.jpg\" alt=\"\" class=\"wp-image-513\" width=\"112\" height=\"87\" srcset=\"https:\/\/www.dentie.sk\/wp-content\/uploads\/2025\/02\/tooth1.jpg 1265w, https:\/\/www.dentie.sk\/wp-content\/uploads\/2025\/02\/tooth1-300x232.jpg 300w, https:\/\/www.dentie.sk\/wp-content\/uploads\/2025\/02\/tooth1-1024x793.jpg 1024w, https:\/\/www.dentie.sk\/wp-content\/uploads\/2025\/02\/tooth1-768x595.jpg 768w\" sizes=\"(max-width: 112px) 100vw, 112px\" \/><\/figure>\n\n\n\n<p class=\"has-luminous-vivid-amber-color has-text-color\" style=\"font-size:21px\"><strong>V\u0160ZP<\/strong> &#8211; aktu\u00e1lne prepl\u00e1ca 2x 40 eur \/ osobu \/ rok z dent\u00e1lnej hygieny (v pr\u00edpade skupinky MAXI), v pr\u00edpade MINI (jednotlivec) 1x 40 eur\/ osobu \/ rok<\/p>\n\n\n\n<p class=\"has-vivid-red-color has-text-color\" style=\"font-size:21px\"><strong>Union<\/strong> &#8211; od 1.1.2026 d\u00e1va pr\u00edspevok 2-kr\u00e1t 30 eur ro\u010dne na dent\u00e1lnu hygienu pre dospel\u00fdch aj deti; pr\u00edspevok 5-kr\u00e1t 30 eur ro\u010dne na o\u0161etrenie, pe\u010datenie a stroj\u010dek pre deti.<\/p>\n\n\n\n<p class=\"has-light-green-cyan-color has-text-color\" style=\"font-size:18px\">K dent\u00e1lnej hygiene si pros\u00edm prineste <strong>Tla\u010divo<\/strong> (mo\u017en\u00e9 stiahnu\u0165 na webe Union), z\u00e1rove\u0148 si Union stanovil <strong>odstup minim\u00e1lne 120 dn\u00ed <\/strong>medzi uplatnen\u00edm benefitu. Nutn\u00e9 doklad posla\u0165 cez appku do 10 dn\u00ed.<\/p>\n\n\n\n<p class=\"has-black-color has-text-color\">Na z\u00edskanie pr\u00edspevkov na starostlivos\u0165 o zuby je potrebn\u00e9 absolvova\u0165 prevent\u00edvnu prehliadku u stomatol\u00f3ga za predch\u00e1dzaj\u00faci kalend\u00e1rny rok, prevent\u00edvnu prehliadku u v\u0161eobecn\u00e9ho lek\u00e1ra pre dospel\u00fdch za predch\u00e1dzaj\u00face dva kalend\u00e1rne roky, alebo aktu\u00e1lny rok, najnesk\u00f4r 1 de\u0148 pred dent\u00e1lnou hygienou.<br>V pr\u00edpade det\u00ed je potrebn\u00e9 absolvova\u0165 prevent\u00edvnu prehliadku&nbsp; u v\u0161eobecn\u00e9ho lek\u00e1ra pre deti a dorast prisl\u00fachaj\u00facu dosiahnut\u00e9mu veku poistenca, najnesk\u00f4r 1 de\u0148 pred zubn\u00fdm o\u0161etren\u00edm alebo dent\u00e1lnou hygienou, na ktor\u00fa si \u017eiada poistenec pr\u00edspevok.<br><\/p>\n\n\n\n<p><\/p>\n\n\n\n<p class=\"has-vivid-green-cyan-color has-text-color has-large-font-size\">Zmena adresy ambulancie:     <\/p>\n\n\n\n<p class=\"has-vivid-green-cyan-color has-text-color has-large-font-size\"> O\u0161\u010dadnica 2220 <\/p>\n\n\n\n<ul class=\"has-black-color has-text-color\"><li>zatia\u013e nie sme v GPS (novostavba), n\u00e1jdete n\u00e1s takto \ud83d\ude42<\/li><li>od kostola v centre (ak idete z doln\u00e9ho konca\/zo \u017diliny\/\u010cadce) p\u00f4jdete smer Laliky (rovno) a druh\u00e1 odbo\u010dka vpravo k supermarketu Terno Coop Jednota, n\u00e1sledne rovno (po \u013eavej strane m\u00e1te Coop) a za predaj\u0148ou v\u013eavo dohora po panelovej ceste \/oznam &#8222;s\u00fakromn\u00fd pozemok&#8220; si nev\u0161\u00edmate \ud83d\ude42 \/, na konci panelovky vpravo resp. kolmo hore po novom bet\u00f3ne a uvid\u00edte bielu budovu. Zaparkova\u0165 m\u00f4\u017eete kdeko\u013evek. Zvoni\u0165 na prav\u00e9 dvere. <\/li><li>autobusov\u00e1 zast\u00e1vka je \u00daNZ O\u0161\u010dadnica (star\u00e9 zdravotn\u00e9 stredisko), od neho popri ceste smerom k Coop Jednota Terno cca 50m a postup vi\u010f vy\u0161\u0161ie <\/li><\/ul>\n\n\n\n<figure class=\"wp-block-image size-large is-resized\"><img loading=\"lazy\" src=\"https:\/\/www.dentie.sk\/wp-content\/uploads\/2025\/09\/20250414_081018-edit-1024x576.jpg\" alt=\"\" class=\"wp-image-581\" width=\"416\" height=\"234\" srcset=\"https:\/\/www.dentie.sk\/wp-content\/uploads\/2025\/09\/20250414_081018-edit-1024x576.jpg 1024w, https:\/\/www.dentie.sk\/wp-content\/uploads\/2025\/09\/20250414_081018-edit-300x169.jpg 300w, https:\/\/www.dentie.sk\/wp-content\/uploads\/2025\/09\/20250414_081018-edit-768x432.jpg 768w, https:\/\/www.dentie.sk\/wp-content\/uploads\/2025\/09\/20250414_081018-edit-1536x864.jpg 1536w, https:\/\/www.dentie.sk\/wp-content\/uploads\/2025\/09\/20250414_081018-edit-2048x1153.jpg 2048w\" sizes=\"(max-width: 416px) 100vw, 416px\" \/><\/figure>\n\n\n\n<figure class=\"wp-block-image size-large is-resized\"><img loading=\"lazy\" src=\"https:\/\/www.dentie.sk\/wp-content\/uploads\/2025\/09\/20250414_081110-edit-576x1024.jpg\" alt=\"\" class=\"wp-image-582\" width=\"276\" height=\"491\" srcset=\"https:\/\/www.dentie.sk\/wp-content\/uploads\/2025\/09\/20250414_081110-edit-576x1024.jpg 576w, https:\/\/www.dentie.sk\/wp-content\/uploads\/2025\/09\/20250414_081110-edit-169x300.jpg 169w, https:\/\/www.dentie.sk\/wp-content\/uploads\/2025\/09\/20250414_081110-edit-768x1365.jpg 768w, https:\/\/www.dentie.sk\/wp-content\/uploads\/2025\/09\/20250414_081110-edit-864x1536.jpg 864w, https:\/\/www.dentie.sk\/wp-content\/uploads\/2025\/09\/20250414_081110-edit-1153x2048.jpg 1153w, https:\/\/www.dentie.sk\/wp-content\/uploads\/2025\/09\/20250414_081110-edit-scaled.jpg 1441w\" sizes=\"(max-width: 276px) 100vw, 276px\" \/><\/figure>\n\n\n\n<figure class=\"wp-block-image size-large is-resized\"><img loading=\"lazy\" src=\"https:\/\/www.dentie.sk\/wp-content\/uploads\/2025\/09\/mapa-k-nam-do-novej-amb-743x1024.jpg\" alt=\"\" class=\"wp-image-585\" width=\"454\" height=\"625\" srcset=\"https:\/\/www.dentie.sk\/wp-content\/uploads\/2025\/09\/mapa-k-nam-do-novej-amb-743x1024.jpg 743w, https:\/\/www.dentie.sk\/wp-content\/uploads\/2025\/09\/mapa-k-nam-do-novej-amb-218x300.jpg 218w, https:\/\/www.dentie.sk\/wp-content\/uploads\/2025\/09\/mapa-k-nam-do-novej-amb-768x1058.jpg 768w, https:\/\/www.dentie.sk\/wp-content\/uploads\/2025\/09\/mapa-k-nam-do-novej-amb-1115x1536.jpg 1115w, https:\/\/www.dentie.sk\/wp-content\/uploads\/2025\/09\/mapa-k-nam-do-novej-amb-1487x2048.jpg 1487w, https:\/\/www.dentie.sk\/wp-content\/uploads\/2025\/09\/mapa-k-nam-do-novej-amb-scaled.jpg 1859w\" sizes=\"(max-width: 454px) 100vw, 454px\" \/><\/figure>\n\n\n\n<p class=\"has-pale-pink-color has-text-color has-large-font-size\">Dovolenka <\/p>\n\n\n\n<p class=\"has-pale-pink-color has-text-color has-large-font-size\">8.5.26<\/p>\n\n\n\n<p><\/p>\n\n\n\n<p><\/p>\n\n\n\n<p class=\"has-luminous-vivid-amber-color has-text-color has-normal-font-size\"><\/p>\n\n\n\n<p class=\"has-black-color has-text-color\">Po\u010das na\u0161ich ordina\u010dn\u00fdch hod\u00edn o\u0161etr\u00ed bolestiv\u00e9 stavy SK Dental \u017dilina, ul. Predmestsk\u00e1 1722, \u017dilina, t.\u010d. 0911 601&nbsp;158.<\/p>\n\n\n\n<p class=\"has-black-color has-text-color\">Po pracovnej dobe bolestiv\u00e9 stavy o\u0161etruje LSPP \u010cadca, v budove Kysuckej nemocnice, Pal\u00e1rikova 2311, t.\u010d. 041\/46 04 110, pracovn\u00e9 dni 15:30-19:00, v\u00edkendy a sviatky 8:00-13:00. <\/p>\n\n\n\n<p>&#8212;&#8212;&#8212;&#8212;&#8212;&#8212;&#8212;&#8212;&#8212;&#8212;&#8212;&#8212;&#8212;&#8212;&#8212;&#8212;&#8212;&#8212;&#8212;&#8212;&#8212;&#8212;&#8212;&#8212;&#8212;&#8212;&#8212;&#8212;&#8212;&#8212;&#8212;&#8212;&#8212;&#8212;&#8212;&#8212;&#8212;&#8212;&#8212;&#8212;&#8212;&#8212;&#8212;&#8212;&#8212;&#8212;&#8212;&#8212;&#8212;&#8212;&#8212;&#8212;&#8212;&#8212;&#8212;&#8212;&#8212;&#8212;&#8212;&#8212;&#8212;&#8212;&#8212;&#8212;&#8212;&#8212;&#8212;&#8212;&#8212;&#8212;&#8212;&#8212;&#8212;&#8212;&#8212;&#8212;&#8212;&#8212;&#8212;&#8212;&#8212;&#8212;&#8212;<\/p>\n\n\n\n<p class=\"has-black-color has-text-color\">Z kapacitn\u00fdch d\u00f4vodov moment\u00e1lne nov\u00fdch pacientov do zubnej ambulancie <strong>NEPRIJ\u00cdMAME<\/strong>.<\/p>\n\n\n\n<p class=\"has-black-color has-text-color\">Na <strong>dent\u00e1lnu hygienu <\/strong>je v\u0161ak mo\u017en\u00e9 sa na\u010falej objedna\u0165 aj v pr\u00edpade, \u017ee u n\u00e1s nie ste registrovan\u00ed. Z\u00e1rove\u0148 m\u00f4\u017eete vyu\u017ei\u0165 pr\u00edspevky zo zdravotn\u00fdch pois\u0165ovn\u00ed aj na pom\u00f4cky k \u00fastnej hygiene (u n\u00e1s mo\u017en\u00e9 zak\u00fapi\u0165 produkty zna\u010dky Curaprox, Herbadent). Pre viac info n\u00e1s nev\u00e1hajte kontaktova\u0165.<\/p>\n\n\n\n<p>&#8212;&#8212;&#8212;&#8212;&#8212;&#8212;&#8212;&#8212;&#8212;&#8212;&#8212;&#8212;&#8212;&#8212;&#8212;&#8212;&#8212;&#8212;&#8212;&#8212;&#8212;&#8212;&#8212;&#8212;&#8212;&#8212;&#8212;&#8212;&#8212;&#8212;&#8212;&#8212;&#8212;&#8212;&#8212;&#8212;&#8212;&#8212;&#8212;&#8212;&#8212;&#8212;&#8212;&#8212;&#8212;&#8212;&#8212;&#8212;&#8212;&#8212;&#8212;&#8212;&#8212;&#8212;&#8212;&#8212;&#8212;&#8212;&#8212;&#8212;&#8212;&#8212;&#8212;&#8212;&#8212;&#8212;&#8212;&#8212;&#8212;&#8212;&#8212;&#8212;&#8212;&#8212;&#8212;&#8212;&#8212;&#8212;&#8212;&#8212;&#8212;&#8212;<\/p>\n\n\n\n<p class=\"has-black-color has-text-color\">Pacienti s ak\u00fatnym infek\u010dn\u00fdm ochoren\u00edm ( chr\u00edpka, ka\u0161e\u013e, opar &#8211; herpes, teplota, n\u00e1dcha a pod. ) sa telefonicky ! vopred preobjednaj\u00fa. Inak ohrozujete person\u00e1l i ostatn\u00fdch pacientov.<\/p>\n\n\n\n<p class=\"has-black-color has-text-color\"><\/p>\n\n\n\n<p class=\"has-black-color has-text-color\">Zmenu zdravotnej pois\u0165ovne n\u00e1m treba v novom roku pri prvej n\u00e1v\u0161teve ozn\u00e1mi\u0165. Za pr\u00edpadn\u00e9 nedoplatky na pois\u0165ovni nezodpoved\u00e1me.  <\/p>\n\n\n\n<p class=\"has-black-color has-text-color\"><\/p>\n\n\n\n<p class=\"has-black-color has-text-color\">Na o\u0161etrenie i na dent\u00e1lnu hygienu nezab\u00fadajte nosi\u0165 silik\u00f3nov\u00fa blanu ( ak ste ju dostali ).<\/p>\n\n\n\n<p class=\"has-black-color has-text-color\"><\/p>\n\n\n\n<p class=\"has-black-color has-text-color\">Mo\u017en\u00e9 plati\u0165 kartou .\ud83d\ude0a<\/p>\n\n\n\n<p>Oznam pre pacientov V\u0160ZP, ktor\u00ed u n\u00e1s boli na dent\u00e1lnej hygiene m\u00e1j-august 2025 : pros\u00edme skontrolujte si stav \u017eiadosti vo va\u0161ej aplik\u00e1cii a pokia\u013e sme v\u00e1m posielali emailom v\u00fdmenn\u00fd l\u00edstok, je potrebn\u00e9 ho pripoji\u0165 dodato\u010dne (cez &#8222;kontaktn\u00fd formul\u00e1r &#8211; pripoji\u0165 pr\u00edlohu&#8220;, lebo cez klasick\u00fd postup &#8222;\u017eiados\u0165 o zubn\u00fd benefit&#8220; to nejde). Inak sa m\u00f4\u017ee sta\u0165, \u017ee \u017eiados\u0165 bude zbyto\u010dne dlho \u010daka\u0165 na schv\u00e1lenie alebo pr\u00edpadne aj zamietnut\u00e1, ak prejde dlh\u00e1 doba.<\/p>\n\n\n\n<hr class=\"wp-block-separator\"\/>\n\n\n\n<p class=\"has-pale-pink-color has-text-color\"><\/p>\n\n\n\n<hr class=\"wp-block-separator\"\/>\n","protected":false},"excerpt":{"rendered":"<p>Aktu\u00e1lne sa ned\u00e1 plati\u0165 kartou &#8211; popros\u00edme hotovos\u0165 Dent\u00e1lna hygiena Pri pravidelnosti aspo\u0148 2x ro\u010dne doprajete va\u0161im zubom a \u010fasn\u00e1m dlhodob\u00e9 zdravie V\u0160ZP &#8211; aktu\u00e1lne prepl\u00e1ca 2x 40 eur \/ osobu \/ rok z dent\u00e1lnej hygieny (v pr\u00edpade skupinky MAXI), v pr\u00edpade MINI (jednotlivec) 1x 40 eur\/ osobu \/ rok Union &#8211; od 1.1.2026 d\u00e1va [&hellip;]<\/p>\n","protected":false},"author":1,"featured_media":8,"parent":0,"menu_order":0,"comment_status":"closed","ping_status":"closed","template":"","meta":[],"yoast_head":"<!-- This site is optimized with the Yoast SEO plugin v16.0.2 - https:\/\/yoast.com\/wordpress\/plugins\/seo\/ -->\n<title>Aktuality - DENTIE zubn\u00e1 ambulancia a ambulancia dent\u00e1lnej hygieny<\/title>\n<meta name=\"robots\" content=\"index, follow, max-snippet:-1, max-image-preview:large, max-video-preview:-1\" \/>\n<link rel=\"canonical\" href=\"https:\/\/www.dentie.sk\/\" \/>\n<meta property=\"og:locale\" content=\"sk_SK\" \/>\n<meta property=\"og:type\" content=\"article\" \/>\n<meta property=\"og:title\" content=\"Aktuality - DENTIE zubn\u00e1 ambulancia a ambulancia dent\u00e1lnej hygieny\" \/>\n<meta property=\"og:description\" content=\"Aktu\u00e1lne sa ned\u00e1 plati\u0165 kartou &#8211; popros\u00edme hotovos\u0165 Dent\u00e1lna hygiena Pri pravidelnosti aspo\u0148 2x ro\u010dne doprajete va\u0161im zubom a \u010fasn\u00e1m dlhodob\u00e9 zdravie V\u0160ZP &#8211; aktu\u00e1lne prepl\u00e1ca 2x 40 eur \/ osobu \/ rok z dent\u00e1lnej hygieny (v pr\u00edpade skupinky MAXI), v pr\u00edpade MINI (jednotlivec) 1x 40 eur\/ osobu \/ rok Union &#8211; od 1.1.2026 d\u00e1va [&hellip;]\" \/>\n<meta property=\"og:url\" content=\"https:\/\/www.dentie.sk\/\" \/>\n<meta property=\"og:site_name\" content=\"DENTIE zubn\u00e1 ambulancia a ambulancia dent\u00e1lnej hygieny\" \/>\n<meta property=\"article:modified_time\" content=\"2026-05-01T18:04:30+00:00\" \/>\n<meta property=\"og:image\" content=\"https:\/\/www.dentie.sk\/wp-content\/uploads\/2021\/04\/cropped-DSC3739-scaled-1.jpg\" \/>\n\t<meta property=\"og:image:width\" content=\"2000\" \/>\n\t<meta property=\"og:image:height\" content=\"1333\" \/>\n<meta name=\"twitter:card\" content=\"summary_large_image\" \/>\n<meta name=\"twitter:label1\" content=\"Predpokladan\u00fd \u010das \u010d\u00edtania\">\n\t<meta name=\"twitter:data1\" content=\"4 min\u00faty\">\n<script type=\"application\/ld+json\" class=\"yoast-schema-graph\">{\"@context\":\"https:\/\/schema.org\",\"@graph\":[{\"@type\":\"WebSite\",\"@id\":\"https:\/\/www.dentie.sk\/#website\",\"url\":\"https:\/\/www.dentie.sk\/\",\"name\":\"DENTIE zubn\\u00e1 ambulancia a ambulancia dent\\u00e1lnej hygieny\",\"description\":\"\",\"potentialAction\":[{\"@type\":\"SearchAction\",\"target\":\"https:\/\/www.dentie.sk\/?s={search_term_string}\",\"query-input\":\"required name=search_term_string\"}],\"inLanguage\":\"sk-SK\"},{\"@type\":\"ImageObject\",\"@id\":\"https:\/\/www.dentie.sk\/#primaryimage\",\"inLanguage\":\"sk-SK\",\"url\":\"https:\/\/www.dentie.sk\/wp-content\/uploads\/2021\/04\/cropped-DSC3739-scaled-1.jpg\",\"width\":2000,\"height\":1333},{\"@type\":\"WebPage\",\"@id\":\"https:\/\/www.dentie.sk\/#webpage\",\"url\":\"https:\/\/www.dentie.sk\/\",\"name\":\"Aktuality - DENTIE zubn\\u00e1 ambulancia a ambulancia dent\\u00e1lnej hygieny\",\"isPartOf\":{\"@id\":\"https:\/\/www.dentie.sk\/#website\"},\"primaryImageOfPage\":{\"@id\":\"https:\/\/www.dentie.sk\/#primaryimage\"},\"datePublished\":\"2021-04-24T15:30:15+00:00\",\"dateModified\":\"2026-05-01T18:04:30+00:00\",\"breadcrumb\":{\"@id\":\"https:\/\/www.dentie.sk\/#breadcrumb\"},\"inLanguage\":\"sk-SK\",\"potentialAction\":[{\"@type\":\"ReadAction\",\"target\":[\"https:\/\/www.dentie.sk\/\"]}]},{\"@type\":\"BreadcrumbList\",\"@id\":\"https:\/\/www.dentie.sk\/#breadcrumb\",\"itemListElement\":[{\"@type\":\"ListItem\",\"position\":1,\"item\":{\"@type\":\"WebPage\",\"@id\":\"https:\/\/www.dentie.sk\/\",\"url\":\"https:\/\/www.dentie.sk\/\",\"name\":\"Home\"}},{\"@type\":\"ListItem\",\"position\":2,\"item\":{\"@type\":\"WebPage\",\"@id\":\"https:\/\/www.dentie.sk\/\",\"url\":\"https:\/\/www.dentie.sk\/\",\"name\":\"Aktuality\"}}]}]}<\/script>\n<!-- \/ Yoast SEO plugin. -->","_links":{"self":[{"href":"https:\/\/www.dentie.sk\/index.php?rest_route=\/wp\/v2\/pages\/14"}],"collection":[{"href":"https:\/\/www.dentie.sk\/index.php?rest_route=\/wp\/v2\/pages"}],"about":[{"href":"https:\/\/www.dentie.sk\/index.php?rest_route=\/wp\/v2\/types\/page"}],"author":[{"embeddable":true,"href":"https:\/\/www.dentie.sk\/index.php?rest_route=\/wp\/v2\/users\/1"}],"replies":[{"embeddable":true,"href":"https:\/\/www.dentie.sk\/index.php?rest_route=%2Fwp%2Fv2%2Fcomments&post=14"}],"version-history":[{"count":6,"href":"https:\/\/www.dentie.sk\/index.php?rest_route=\/wp\/v2\/pages\/14\/revisions"}],"predecessor-version":[{"id":625,"href":"https:\/\/www.dentie.sk\/index.php?rest_route=\/wp\/v2\/pages\/14\/revisions\/625"}],"wp:featuredmedia":[{"embeddable":true,"href":"https:\/\/www.dentie.sk\/index.php?rest_route=\/wp\/v2\/media\/8"}],"wp:attachment":[{"href":"https:\/\/www.dentie.sk\/index.php?rest_route=%2Fwp%2Fv2%2Fmedia&parent=14"}],"curies":[{"name":"wp","href":"https:\/\/api.w.org\/{rel}","templated":true}]}}